{"id":99,"date":"2020-04-18T12:19:43","date_gmt":"2020-04-18T12:19:43","guid":{"rendered":"http:\/\/apartmanmezistromy.cz\/?page_id=99"},"modified":"2025-11-25T13:42:46","modified_gmt":"2025-11-25T13:42:46","slug":"cenik","status":"publish","type":"page","link":"https:\/\/apartmanmezistromy.cz\/cs\/cenik\/","title":{"rendered":"Cen\u00edk a storno podm\u00ednky"},"content":{"rendered":"\n<figure class=\"wp-block-image size-large\"><img loading=\"lazy\" decoding=\"async\" width=\"960\" height=\"540\" src=\"http:\/\/apartmanmezistromy.cz\/wp-content\/uploads\/2020\/05\/okoli_priroda_leto.jpg\" alt=\"\" class=\"wp-image-223\" srcset=\"https:\/\/apartmanmezistromy.cz\/wp-content\/uploads\/2020\/05\/okoli_priroda_leto.jpg 960w, https:\/\/apartmanmezistromy.cz\/wp-content\/uploads\/2020\/05\/okoli_priroda_leto-300x169.jpg 300w, https:\/\/apartmanmezistromy.cz\/wp-content\/uploads\/2020\/05\/okoli_priroda_leto-768x432.jpg 768w, https:\/\/apartmanmezistromy.cz\/wp-content\/uploads\/2020\/05\/okoli_priroda_leto-375x211.jpg 375w\" sizes=\"auto, (max-width: 960px) 100vw, 960px\" \/><\/figure>\n\n\n\n<h3 class=\"wp-block-heading\"><span style=\"background-color:rgba(0, 0, 0, 0)\" class=\"has-inline-color has-accent-1-color\"><strong>L\u00e9to 1. 7. &#8211; 31. 8. <\/strong><\/span><\/h3>\n\n\n\n<p><strong>5 a v\u00edce noc\u00ed<\/strong> <strong>1.700,- K\u010d \/ apartm\u00e1n \/ noc<\/strong>, <\/p>\n\n\n\n<p>pokud se cel\u00fd v\u00edkend neobsad\u00ed 4000,- K\u010d\/apartm\u00e1n\/ v\u00edkend<\/p>\n\n\n\n<h3 class=\"wp-block-heading\"><span style=\"background-color:rgba(0, 0, 0, 0)\" class=\"has-inline-color has-accent-1-color\"><strong>Zima 1. 12 &#8211; 31. 3. <\/strong><\/span><\/h3>\n\n\n\n<p><strong>5 a v\u00edce noc\u00ed\/ 2.100,- K\u010d\/ cel\u00fd apartm\u00e1n<\/strong><\/p>\n\n\n\n<p>pokud se cel\u00fd v\u00edkend neobsad\u00ed 5000,- K\u010d\/apartm\u00e1n\/ v\u00edkend<\/p>\n\n\n\n<h4 class=\"wp-block-heading\"><strong><span style=\"background-color:rgba(0, 0, 0, 0)\" class=\"has-inline-color has-accent-1-color\">Ostatn\u00ed term\u00edny<\/span><\/strong> (jaro a podzim)<\/h4>\n\n\n\n<p><strong>v\u00edkend 3.500,- K\u010d \/ apartm\u00e1n <\/strong><\/p>\n\n\n\n<p>ostatn\u00ed dny <strong>1.500,- K\u010d \/ apartm\u00e1n \/ noc<\/strong><\/p>\n\n\n\n<p>Velikonoce 1.800,- K\u010d \/ apartm\u00e1n \/ noc<\/p>\n\n\n\n<h4 class=\"wp-block-heading\"><span style=\"background-color:rgba(0, 0, 0, 0)\" class=\"has-inline-color has-accent-1-color\">V\u00e1noce a Silvestr<\/span><\/h4>\n\n\n\n<p><strong>2.500,- K\u010d \/ apartm\u00e1n \/ noc<\/strong><\/p>\n\n\n\n<figure class=\"wp-block-gallery has-nested-images columns-default is-cropped wp-block-gallery-1 is-layout-flex wp-block-gallery-is-layout-flex\">\n<figure class=\"wp-block-image size-large\"><img loading=\"lazy\" decoding=\"async\" width=\"960\" height=\"540\" data-id=\"221\" src=\"https:\/\/apartmanmezistromy.cz\/wp-content\/uploads\/2020\/05\/motyl_bodlak.jpg\" alt=\"\" class=\"wp-image-221\" srcset=\"https:\/\/apartmanmezistromy.cz\/wp-content\/uploads\/2020\/05\/motyl_bodlak.jpg 960w, https:\/\/apartmanmezistromy.cz\/wp-content\/uploads\/2020\/05\/motyl_bodlak-300x169.jpg 300w, https:\/\/apartmanmezistromy.cz\/wp-content\/uploads\/2020\/05\/motyl_bodlak-768x432.jpg 768w, https:\/\/apartmanmezistromy.cz\/wp-content\/uploads\/2020\/05\/motyl_bodlak-375x211.jpg 375w\" sizes=\"auto, (max-width: 960px) 100vw, 960px\" \/><\/figure>\n\n\n\n<figure class=\"wp-block-image size-large\"><img loading=\"lazy\" decoding=\"async\" width=\"1024\" height=\"461\" data-id=\"219\" src=\"https:\/\/apartmanmezistromy.cz\/wp-content\/uploads\/2020\/05\/barak_jaro.jpg\" alt=\"\" class=\"wp-image-219\" srcset=\"https:\/\/apartmanmezistromy.cz\/wp-content\/uploads\/2020\/05\/barak_jaro.jpg 1024w, https:\/\/apartmanmezistromy.cz\/wp-content\/uploads\/2020\/05\/barak_jaro-300x135.jpg 300w, https:\/\/apartmanmezistromy.cz\/wp-content\/uploads\/2020\/05\/barak_jaro-768x346.jpg 768w, https:\/\/apartmanmezistromy.cz\/wp-content\/uploads\/2020\/05\/barak_jaro-375x169.jpg 375w\" sizes=\"auto, (max-width: 1024px) 100vw, 1024px\" \/><\/figure>\n\n\n\n<figure class=\"wp-block-image size-large\"><img loading=\"lazy\" decoding=\"async\" width=\"540\" height=\"359\" data-id=\"227\" src=\"https:\/\/apartmanmezistromy.cz\/wp-content\/uploads\/2020\/05\/srny-e1588327844457.jpg\" alt=\"\" class=\"wp-image-227\"\/><\/figure>\n<\/figure>\n\n\n\n<p><strong>P\u0159i del\u0161\u00edm pobytu mo\u017en\u00e1 sleva. <\/strong><\/p>\n\n\n\n<p><strong>Rezervace<\/strong> je z\u00e1vazn\u00e1 po zaplacen\u00ed z\u00e1lohy, kter\u00e1 \u010din\u00ed 50% z\u00a0ceny pobytu.<\/p>\n\n\n\n<p><strong>Storno pobytu<\/strong> je do 31 dn\u016f p\u0159ed p\u0159\u00edjezdem zdarma, do 14 dn\u016f p\u0159ed p\u0159\u00edjezdem ve v\u00fd\u0161i 50% z&nbsp;ceny z\u00e1lohy. Pokud je m\u00e9n\u011b ne\u017e 14 dn\u016f p\u0159ed p\u0159\u00edjezdem, z\u00e1loha propad\u00e1.<\/p>\n\n\n\n<figure class=\"wp-block-gallery has-nested-images columns-default is-cropped wp-block-gallery-2 is-layout-flex wp-block-gallery-is-layout-flex\">\n<figure class=\"wp-block-image size-large\"><img loading=\"lazy\" decoding=\"async\" width=\"780\" height=\"585\" data-id=\"182\" src=\"https:\/\/apartmanmezistromy.cz\/wp-content\/uploads\/2020\/04\/9.jpg\" alt=\"\" class=\"wp-image-182\" srcset=\"https:\/\/apartmanmezistromy.cz\/wp-content\/uploads\/2020\/04\/9.jpg 780w, https:\/\/apartmanmezistromy.cz\/wp-content\/uploads\/2020\/04\/9-300x225.jpg 300w, https:\/\/apartmanmezistromy.cz\/wp-content\/uploads\/2020\/04\/9-768x576.jpg 768w, https:\/\/apartmanmezistromy.cz\/wp-content\/uploads\/2020\/04\/9-375x281.jpg 375w\" sizes=\"auto, (max-width: 780px) 100vw, 780px\" \/><\/figure>\n<\/figure>\n\n\n\n<p><\/p>\n","protected":false},"excerpt":{"rendered":"<p>L\u00e9to 1. 7. &#8211; 31. 8. 5 a v\u00edce noc\u00ed 1.700,- K\u010d \/ apartm\u00e1n \/ noc, pokud se cel\u00fd v\u00edkend neobsad\u00ed 4000,- K\u010d\/apartm\u00e1n\/ v\u00edkend Zima 1. 12 &#8211; 31. 3. 5 a v\u00edce noc\u00ed\/ 2.100,- K\u010d\/ cel\u00fd apartm\u00e1n pokud se cel\u00fd v\u00edkend neobsad\u00ed 5000,- K\u010d\/apartm\u00e1n\/ v\u00edkend Ostatn\u00ed term\u00edny (jaro a &hellip;<\/p>\n","protected":false},"author":1,"featured_media":0,"parent":0,"menu_order":0,"comment_status":"closed","ping_status":"closed","template":"","meta":{"footnotes":""},"class_list":["post-99","page","type-page","status-publish","hentry"],"_links":{"self":[{"href":"https:\/\/apartmanmezistromy.cz\/cs\/wp-json\/wp\/v2\/pages\/99","targetHints":{"allow":["GET"]}}],"collection":[{"href":"https:\/\/apartmanmezistromy.cz\/cs\/wp-json\/wp\/v2\/pages"}],"about":[{"href":"https:\/\/apartmanmezistromy.cz\/cs\/wp-json\/wp\/v2\/types\/page"}],"author":[{"embeddable":true,"href":"https:\/\/apartmanmezistromy.cz\/cs\/wp-json\/wp\/v2\/users\/1"}],"replies":[{"embeddable":true,"href":"https:\/\/apartmanmezistromy.cz\/cs\/wp-json\/wp\/v2\/comments?post=99"}],"version-history":[{"count":49,"href":"https:\/\/apartmanmezistromy.cz\/cs\/wp-json\/wp\/v2\/pages\/99\/revisions"}],"predecessor-version":[{"id":546,"href":"https:\/\/apartmanmezistromy.cz\/cs\/wp-json\/wp\/v2\/pages\/99\/revisions\/546"}],"wp:attachment":[{"href":"https:\/\/apartmanmezistromy.cz\/cs\/wp-json\/wp\/v2\/media?parent=99"}],"curies":[{"name":"wp","href":"https:\/\/api.w.org\/{rel}","templated":true}]}}